{"id":8974,"date":"2025-07-18T19:40:07","date_gmt":"2025-07-18T17:40:07","guid":{"rendered":"https:\/\/ignasicorella.com\/sobre-mi\/"},"modified":"2026-02-09T13:21:01","modified_gmt":"2026-02-09T12:21:01","slug":"sobre-mi","status":"publish","type":"page","link":"https:\/\/ignasicorella.com\/es\/sobre-mi\/","title":{"rendered":"Sobre m\u00ed"},"content":{"rendered":"\t\t<div data-elementor-type=\"wp-page\" data-elementor-id=\"8974\" class=\"elementor elementor-8974 elementor-7170\" data-elementor-post-type=\"page\">\n\t\t\t\t        <section class=\"elementor-section elementor-top-section elementor-element elementor-element-d6f367e elementor-section-stretched elementor-section-height-min-height elementor-section-boxed elementor-section-height-default elementor-section-items-middle ct-header-fixed-none ct-column-none ct-row-scroll-none ct-row-gradient--none ct-row-container--default\" data-id=\"d6f367e\" data-element_type=\"section\" data-e-type=\"section\" data-settings=\"{&quot;stretch_section&quot;:&quot;section-stretched&quot;,&quot;background_background&quot;:&quot;classic&quot;}\">\n                            <div class=\"elementor-background-overlay\"><\/div>\n                \n                        <div class=\"elementor-container elementor-column-gap-extended \">\n                    <div class=\"elementor-column elementor-col-100 elementor-top-column elementor-element elementor-element-57aa320 ct-column-none col-offset-none\" data-id=\"57aa320\" data-element_type=\"column\" data-e-type=\"column\">\n        <div class=\"elementor-widget-wrap elementor-element-populated\">\n                    \n        \t\t<div class=\"elementor-element elementor-element-d801a6b elementor-widget elementor-widget-ct_heading\" data-id=\"d801a6b\" data-element_type=\"widget\" data-e-type=\"widget\" data-widget_type=\"ct_heading.default\">\n\t\t\t\t<div class=\"elementor-widget-container\">\n\t\t\t\t\t<div id=\"ct_heading-d801a6b\" class=\"ct-heading h-align-center item-st-default\">\r\n    <div class=\"heading-wrapper\">\r\n        <div class=\"inner-heading\">\r\n                        <h1 class=\"item--title case-animate-time st-default \" data-wow-delay=\"ms\">\r\n                <span class=\"slide-in-container\"><span class=\"d-inline-block wow case-fade-in-up\">Sobre<\/span><\/span> <span class=\"slide-in-container\"><span class=\"d-inline-block wow case-fade-in-up\">m\u00ed<\/span><\/span> <span class=\"slide-in-container\"><span class=\"d-inline-block wow case-fade-in-up\">-<\/span><\/span> <span class=\"slide-in-container\"><span class=\"d-inline-block wow case-fade-in-up\">Ignasi<\/span><\/span> <span class=\"slide-in-container\"><span class=\"d-inline-block wow case-fade-in-up\">Corella<\/span><\/span>            <\/h1>\r\n        <\/div>\r\n    <\/div>\r\n<\/div>\r\n\t\t\t\t<\/div>\n\t\t\t\t<\/div>\n\t\t            <\/div>\n        <\/div>\n                    <\/div>\n        <\/section>\n                <section class=\"elementor-section elementor-top-section elementor-element elementor-element-addcd3a elementor-section-stretched mobile-reverse elementor-section-boxed elementor-section-height-default elementor-section-height-default ct-header-fixed-none ct-column-none ct-row-scroll-none ct-row-gradient--none ct-row-container--default\" data-id=\"addcd3a\" data-element_type=\"section\" data-e-type=\"section\" data-settings=\"{&quot;stretch_section&quot;:&quot;section-stretched&quot;,&quot;background_background&quot;:&quot;classic&quot;}\">\n            \n                        <div class=\"elementor-container elementor-column-gap-extended \">\n                    <div class=\"elementor-column elementor-col-50 elementor-top-column elementor-element elementor-element-62f334d elementor-hidden-tablet elementor-hidden-mobile ct-column-none col-offset-none\" data-id=\"62f334d\" data-element_type=\"column\" data-e-type=\"column\">\n        <div class=\"elementor-widget-wrap elementor-element-populated\">\n                    \n        \t\t<div class=\"elementor-element elementor-element-ec99f04 elementor-widget elementor-widget-ct_image\" data-id=\"ec99f04\" data-element_type=\"widget\" data-e-type=\"widget\" data-widget_type=\"ct_image.default\">\n\t\t\t\t<div class=\"elementor-widget-container\">\n\t\t\t\t\t<div class=\"ct-image-single \" data-width=\"\" data-height=\"\" data-wow-delay=\"ms\">\r\n            <div class=\"ct-image-single--inner\">\r\n                            <img fetchpriority=\"high\" decoding=\"async\" class=\"no-lazyload img-main \" src=\"https:\/\/ignasicorella.com\/wp-content\/uploads\/2025\/07\/ignasi-corella-presentacio-570x655.jpg\" width=\"570\" height=\"655\" alt=\"Ignasi Corella - Especialista en percussi\u00f3 corporal\" title=\"Ignasi Corella - Especialista en percussi\u00f3 corporal\" \/>                    <\/div>\r\n    <\/div>\t\t\t\t<\/div>\n\t\t\t\t<\/div>\n\t\t            <\/div>\n        <\/div>\n                <div class=\"elementor-column elementor-col-50 elementor-top-column elementor-element elementor-element-0209b31 ct-column-none col-offset-none\" data-id=\"0209b31\" data-element_type=\"column\" data-e-type=\"column\">\n        <div class=\"elementor-widget-wrap elementor-element-populated\">\n                    \n        \t\t<div class=\"elementor-element elementor-element-2b56478 elementor-widget elementor-widget-ct_heading\" data-id=\"2b56478\" data-element_type=\"widget\" data-e-type=\"widget\" data-widget_type=\"ct_heading.default\">\n\t\t\t\t<div class=\"elementor-widget-container\">\n\t\t\t\t\t<div id=\"ct_heading-2b56478\" class=\"ct-heading h-align-left item-st-default\">\r\n    <div class=\"heading-wrapper\">\r\n        <div class=\"inner-heading\">\r\n                        <h2 class=\"item--title case-animate-time st-default wow fadeInRight\" data-wow-delay=\"ms\">\r\n                <span>Especialista en percusi\u00f3n corporal<\/span>            <\/h2>\r\n        <\/div>\r\n    <\/div>\r\n<\/div>\r\n\t\t\t\t<\/div>\n\t\t\t\t<\/div>\n\t\t\t\t<div class=\"elementor-element elementor-element-0e1b264 elementor-invisible elementor-widget elementor-widget-ct_text_editor\" data-id=\"0e1b264\" data-element_type=\"widget\" data-e-type=\"widget\" data-settings=\"{&quot;_animation&quot;:&quot;slideInRight&quot;}\" data-widget_type=\"ct_text_editor.default\">\n\t\t\t\t<div class=\"elementor-widget-container\">\n\t\t\t\t\t<div id=\"ct_text_editor-0e1b264\" class=\"ct-text-editor \" data-wow-delay=\"ms\">\n\t<div class=\"ct-inline-css\"  data-css=\"\n        \t\t\">\n    <\/div>\n\t<div class=\"ct-text-editor elementor-clearfix\">\n\t\t<p>Hola, soy <strong>Ignasi Corella<\/strong>, especialista en <strong>percusi\u00f3n corporal y pedagog\u00eda psicomotriz a trav\u00e9s del ritmo<\/strong>. Desde hace m\u00e1s de 20 a\u00f1os, ayudo a personas y equipos a <strong>conectar con el cuerpo, el ritmo y el movimiento<\/strong> mediante actividades inmersivas, formativas y participativas.<br \/><br \/>He dedicado gran parte de mi vida a la m\u00fasica. Me form\u00e9 en la prestigiosa <strong>Berklee College of Music<\/strong>, donde obtuve un <strong>Magna Cum Laude<\/strong> en Performance Major, y he tenido el privilegio de tocar con formaciones tan diversas como <strong>Say When, Order of the Artists<\/strong> (en Boston), la <strong>Orquesta Sinf\u00f3nica de Sant Cugat<\/strong> y el <strong>Lleidart Ensemble<\/strong>, entre muchas otras.<\/p><p>Durante m\u00e1s de 15 a\u00f1os, ense\u00f1\u00e9 bater\u00eda, percusi\u00f3n corporal y cl\u00e1sica en el <strong>Conservatorio privado L\u2019Int\u00e8rpret<\/strong>. Tambi\u00e9n he publicado libros sobre el aprendizaje de la bater\u00eda. Dirig\u00ed el Festival Planeta Bater\u00eda durante 11 a\u00f1os, reuniendo a m\u00e1s de 300 bater\u00edas de toda Catalu\u00f1a. Durante el festival, organizamos clases magistrales, exhibiciones de percusi\u00f3n tradicional japonesa, taiko y africana, adem\u00e1s de conciertos multitudinarios de bater\u00edas a tres voces (tres partituras diferentes que crean melod\u00edas y polirritmos cuando se tocan simult\u00e1neamente).<\/p>\t\t\n\t<\/div>\n<\/div>\t\t\t\t<\/div>\n\t\t\t\t<\/div>\n\t\t            <\/div>\n        <\/div>\n                    <\/div>\n        <\/section>\n                <section class=\"elementor-section elementor-top-section elementor-element elementor-element-6f68b5e elementor-section-stretched elementor-section-boxed elementor-section-height-default elementor-section-height-default ct-header-fixed-none ct-column-none ct-row-scroll-none ct-row-gradient--none ct-row-container--default\" data-id=\"6f68b5e\" data-element_type=\"section\" data-e-type=\"section\" data-settings=\"{&quot;stretch_section&quot;:&quot;section-stretched&quot;,&quot;background_background&quot;:&quot;classic&quot;}\">\n            \n                        <div class=\"elementor-container elementor-column-gap-extended \">\n                    <div class=\"elementor-column elementor-col-100 elementor-top-column elementor-element elementor-element-ce20c02 ct-column-none col-offset-none\" data-id=\"ce20c02\" data-element_type=\"column\" data-e-type=\"column\">\n        <div class=\"elementor-widget-wrap elementor-element-populated\">\n                    \n        \t\t<div class=\"elementor-element elementor-element-9d15e67 elementor-widget elementor-widget-ct_heading\" data-id=\"9d15e67\" data-element_type=\"widget\" data-e-type=\"widget\" data-widget_type=\"ct_heading.default\">\n\t\t\t\t<div class=\"elementor-widget-container\">\n\t\t\t\t\t<div id=\"ct_heading-9d15e67\" class=\"ct-heading h-align-left item-st-default\">\r\n    <div class=\"heading-wrapper\">\r\n        <div class=\"inner-heading\">\r\n                        <h3 class=\"item--title case-animate-time st-default \" data-wow-delay=\"ms\">\r\n                <span>Actividades para centros<\/span>            <\/h3>\r\n        <\/div>\r\n    <\/div>\r\n<\/div>\r\n\t\t\t\t<\/div>\n\t\t\t\t<\/div>\n\t\t\t\t<div class=\"elementor-element elementor-element-cee9b33 elementor-widget elementor-widget-ct_text_editor\" data-id=\"cee9b33\" data-element_type=\"widget\" data-e-type=\"widget\" data-widget_type=\"ct_text_editor.default\">\n\t\t\t\t<div class=\"elementor-widget-container\">\n\t\t\t\t\t<div id=\"ct_text_editor-cee9b33\" class=\"ct-text-editor \" data-wow-delay=\"ms\">\n\t<div class=\"ct-inline-css\"  data-css=\"\n        \t\t\">\n    <\/div>\n\t<div class=\"ct-text-editor elementor-clearfix\">\n\t\t<p>Adem\u00e1s de mi trayectoria musical, he desarrollado propuestas para escuelas, institutos, centros de formaci\u00f3n profesional y <strong>empresas<\/strong> que desean mejorar la <strong>cohesi\u00f3n, la comunicaci\u00f3n y la vitalidad<\/strong> de sus equipos a trav\u00e9s del <strong>ritmo<\/strong> y el <strong>movimiento consciente<\/strong>.<\/p><p>Dos de mis actividades \u2014<strong data-start=\"1895\" data-end=\"1910\">Ritme Vital<\/strong> y <strong data-start=\"1913\" data-end=\"1943\">Tomar decisiones con ritmo<\/strong>\u2014 han sido seleccionadas en el <strong>Recull d&#8217;activitats<\/strong> de la <a href=\"https:\/\/www.diba.cat\/\" target=\"_blank\" rel=\"noopener\">Diputaci\u00f3n de Barcelona<\/a> para los a\u00f1os 2024 y 2025, respectivamente. Este reconocimiento me honra y me permite llegar a m\u00e1s ayuntamientos e instituciones p\u00fablicas.<\/p><p>Recientemente, me form\u00e9 en el <a href=\"https:\/\/www.taketina.net\/es\/taketina\" target=\"_blank\" rel=\"noopener\"><strong data-start=\"2234\" data-end=\"2254\">m\u00e9todo Taketina\u00ae<\/strong><\/a> en Viena, con su creador <strong>Reinhard Flatischler<\/strong>, profundizando a\u00fan m\u00e1s en la capacidad del <strong>ritmo como herramienta transformadora para personas y organizaciones<\/strong>.<\/p>\t\t\n\t<\/div>\n<\/div>\t\t\t\t<\/div>\n\t\t\t\t<\/div>\n\t\t        <section class=\"elementor-section elementor-inner-section elementor-element elementor-element-0e6c96b elementor-section-boxed elementor-section-height-default elementor-section-height-default ct-header-fixed-none ct-column-none ct-row-scroll-none ct-row-gradient--none ct-row-container--default\" data-id=\"0e6c96b\" data-element_type=\"section\" data-e-type=\"section\">\n            \n                        <div class=\"elementor-container elementor-column-gap-extended \">\n                    <div class=\"elementor-column elementor-col-50 elementor-inner-column elementor-element elementor-element-094cb19 ct-column-none col-offset-none\" data-id=\"094cb19\" data-element_type=\"column\" data-e-type=\"column\">\n        <div class=\"elementor-widget-wrap elementor-element-populated\">\n                    \n        \t\t<div class=\"elementor-element elementor-element-2ec3c25 elementor-widget elementor-widget-ct_image\" data-id=\"2ec3c25\" data-element_type=\"widget\" data-e-type=\"widget\" data-widget_type=\"ct_image.default\">\n\t\t\t\t<div class=\"elementor-widget-container\">\n\t\t\t\t\t<div class=\"ct-image-single \" data-width=\"\" data-height=\"\" data-wow-delay=\"ms\">\r\n            <div class=\"ct-image-single--inner\">\r\n                            <img decoding=\"async\" class=\"no-lazyload img-main \" src=\"https:\/\/ignasicorella.com\/wp-content\/uploads\/2025\/07\/ignasi-corella-activitats-percussio-corporal-scaled-700x416.webp\" width=\"700\" height=\"416\" alt=\"Activitats de percussi\u00f3 corporal - Ignasi Corella\" title=\"Activitats de percussi\u00f3 corporal - Ignasi Corella\" \/>                    <\/div>\r\n    <\/div>\t\t\t\t<\/div>\n\t\t\t\t<\/div>\n\t\t            <\/div>\n        <\/div>\n                <div class=\"elementor-column elementor-col-50 elementor-inner-column elementor-element elementor-element-d38009e ct-column-none col-offset-none\" data-id=\"d38009e\" data-element_type=\"column\" data-e-type=\"column\">\n        <div class=\"elementor-widget-wrap elementor-element-populated\">\n                    \n        \t\t<div class=\"elementor-element elementor-element-ae7db0a elementor-widget elementor-widget-ct_image\" data-id=\"ae7db0a\" data-element_type=\"widget\" data-e-type=\"widget\" data-widget_type=\"ct_image.default\">\n\t\t\t\t<div class=\"elementor-widget-container\">\n\t\t\t\t\t<div class=\"ct-image-single \" data-width=\"\" data-height=\"\" data-wow-delay=\"ms\">\r\n            <div class=\"ct-image-single--inner\">\r\n                            <img decoding=\"async\" class=\"no-lazyload img-main \" src=\"https:\/\/ignasicorella.com\/wp-content\/uploads\/2025\/07\/activitat-orquestra-boomwackers-barcelona-scaled-700x416.webp\" width=\"700\" height=\"416\" alt=\"Activitat d&#039;orquestra de Boomwhackers\" title=\"Activitat d&#039;orquestra de Boomwhackers\" \/>                    <\/div>\r\n    <\/div>\t\t\t\t<\/div>\n\t\t\t\t<\/div>\n\t\t            <\/div>\n        <\/div>\n                    <\/div>\n        <\/section>\n        \t\t<div class=\"elementor-element elementor-element-eba0bb2 elementor-widget elementor-widget-ct_heading\" data-id=\"eba0bb2\" data-element_type=\"widget\" data-e-type=\"widget\" data-widget_type=\"ct_heading.default\">\n\t\t\t\t<div class=\"elementor-widget-container\">\n\t\t\t\t\t<div id=\"ct_heading-eba0bb2\" class=\"ct-heading h-align-left item-st-default\">\r\n    <div class=\"heading-wrapper\">\r\n        <div class=\"inner-heading\">\r\n                        <p class=\"item--title case-animate-time st-default \" data-wow-delay=\"ms\">\r\n                <span>Si quieres saber c\u00f3mo podemos llevar el ritmo a tu equipo\u2026<\/span>            <\/p>\r\n        <\/div>\r\n    <\/div>\r\n<\/div>\r\n\t\t\t\t<\/div>\n\t\t\t\t<\/div>\n\t\t\t\t<div class=\"elementor-element elementor-element-109850a elementor-widget elementor-widget-ct_text_editor\" data-id=\"109850a\" data-element_type=\"widget\" data-e-type=\"widget\" data-widget_type=\"ct_text_editor.default\">\n\t\t\t\t<div class=\"elementor-widget-container\">\n\t\t\t\t\t<div id=\"ct_text_editor-109850a\" class=\"ct-text-editor \" data-wow-delay=\"ms\">\n\t<div class=\"ct-inline-css\"  data-css=\"\n        \t\t\">\n    <\/div>\n\t<div class=\"ct-text-editor elementor-clearfix\">\n\t\t<p>Ya seas responsable de Recursos Humanos o lideres un equipo y buscas una actividad con impacto real, trabajemos juntos para crear una experiencia \u00fanica, adaptada a las necesidades de tu grupo.<\/p>\t\t\n\t<\/div>\n<\/div>\t\t\t\t<\/div>\n\t\t\t\t<\/div>\n\t\t\t\t<div class=\"elementor-element elementor-element-94d6ded elementor-widget elementor-widget-ct_button\" data-id=\"94d6ded\" data-element_type=\"widget\" data-e-type=\"widget\" data-widget_type=\"ct_button.default\">\n\t\t\t\t<div class=\"elementor-widget-container\">\n\t\t\t\t\t<div id=\"ct_button-94d6ded\" class=\"ct-button-wrapper ct-button-layout1\">\r\n    <div class=\"ct-inline-css\"  data-css=\"\r\n        \">\r\n    <\/div>\r\n            <span class=\"ct-icon-active\"><\/span>\r\n        <a href=\"https:\/\/ignasicorella.com\/es\/contacto\/\" class=\"btn btn-default wow fadeInRight icon-ps- \" data-wow-delay=\"ms\">\r\n                            <span class=\"ct-button-icon ct-align-icon-\">\r\n                            <\/span>\r\n                <span class=\"ct-button-text\">Cont\u00e1ctame ahora<\/span>\r\n    <\/a>\r\n<\/div>\r\n\r\n\t\t\t\t<\/div>\n\t\t\t\t<\/div>\n\t\t            <\/div>\n        <\/div>\n                    <\/div>\n        <\/section>\n                <section class=\"elementor-section elementor-top-section elementor-element elementor-element-4c0e8d6 elementor-section-stretched elementor-section-boxed elementor-section-height-default elementor-section-height-default ct-header-fixed-none ct-column-none ct-row-scroll-none ct-row-gradient--none ct-row-container--default\" data-id=\"4c0e8d6\" data-element_type=\"section\" data-e-type=\"section\" data-settings=\"{&quot;stretch_section&quot;:&quot;section-stretched&quot;,&quot;background_background&quot;:&quot;classic&quot;}\">\n            \n                        <div class=\"elementor-container elementor-column-gap-extended \">\n                    <div class=\"elementor-column elementor-col-50 elementor-top-column elementor-element elementor-element-ce52ef7 ct-column-none col-offset-none\" data-id=\"ce52ef7\" data-element_type=\"column\" data-e-type=\"column\">\n        <div class=\"elementor-widget-wrap elementor-element-populated\">\n                    \n        \t\t<div class=\"elementor-element elementor-element-0ca5451 elementor-widget elementor-widget-ct_heading\" data-id=\"0ca5451\" data-element_type=\"widget\" data-e-type=\"widget\" data-widget_type=\"ct_heading.default\">\n\t\t\t\t<div class=\"elementor-widget-container\">\n\t\t\t\t\t<div id=\"ct_heading-0ca5451\" class=\"ct-heading h-align-left item-st-default\">\r\n    <div class=\"heading-wrapper\">\r\n        <div class=\"inner-heading\">\r\n                        <h3 class=\"item--title case-animate-time st-default \" data-wow-delay=\"ms\">\r\n                <span class=\"slide-in-container\"><span class=\"d-inline-block wow case-fade-in-up\">Preguntas<\/span><\/span> <span class=\"slide-in-container\"><span class=\"d-inline-block wow case-fade-in-up\">frecuentes<\/span><\/span> <span class=\"slide-in-container\"><span class=\"d-inline-block wow case-fade-in-up\">(FAQs)<\/span><\/span>            <\/h3>\r\n        <\/div>\r\n    <\/div>\r\n<\/div>\r\n\t\t\t\t<\/div>\n\t\t\t\t<\/div>\n\t\t\t\t<div class=\"elementor-element elementor-element-591a873 elementor-widget elementor-widget-ct_accordion\" data-id=\"591a873\" data-element_type=\"widget\" data-e-type=\"widget\" data-widget_type=\"ct_accordion.default\">\n\t\t\t\t<div class=\"elementor-widget-container\">\n\t\t\t\t\t    <div id=\"ct_accordion-591a873\" class=\"ct-accordion ct-accordion1  style2 \" data-wow-duration=\"1.2s\">\r\n                    <div class=\"ct-accordion-item  icon-before\">\r\n                                <div class=\"ct-ac-title \" data-target=\"#0cefa3fct_accordion-591a873\">\r\n                    <a class=\"ct-ac-title-text\">\u00bfQu\u00e9 tipo de actividades ofrece Ignasi Corella para empresas?                        <i class=\"ct-accordion-icon-plus\"><\/i>\r\n                    <\/a>\r\n                <\/div>\r\n                <div id=\"0cefa3fct_accordion-591a873\" class=\"ct-ac-content\">Actividades din\u00e1micas y participativas basadas en el ritmo, el movimiento y la conexi\u00f3n corporal para mejorar la cohesi\u00f3n del equipo, reducir el estr\u00e9s y fomentar la creatividad. Tambi\u00e9n ofrece actividades en colaboraci\u00f3n con el coach internacional \u00c1lvaro P\u00e9rez Pooley.<\/div>\r\n            <\/div>\r\n                    <div class=\"ct-accordion-item active icon-before\">\r\n                                <div class=\"ct-ac-title active\" data-target=\"#c48eda1ct_accordion-591a873\">\r\n                    <a class=\"ct-ac-title-text\">\u00bfEst\u00e1n pensadas para grandes grupos?                        <i class=\"ct-accordion-icon-plus\"><\/i>\r\n                    <\/a>\r\n                <\/div>\r\n                <div id=\"c48eda1ct_accordion-591a873\" class=\"ct-ac-content\" style=\"display:block;\">S\u00ed. Se adaptan tanto a grupos peque\u00f1os como a grandes equipos corporativos, ya sea en entornos presenciales, jornadas de team building, formaciones o eventos de empresa.<\/div>\r\n            <\/div>\r\n                    <div class=\"ct-accordion-item  icon-before\">\r\n                                <div class=\"ct-ac-title \" data-target=\"#decf6f7ct_accordion-591a873\">\r\n                    <a class=\"ct-ac-title-text\">\u00bfSe necesita experiencia musical previa para participar?                        <i class=\"ct-accordion-icon-plus\"><\/i>\r\n                    <\/a>\r\n                <\/div>\r\n                <div id=\"decf6f7ct_accordion-591a873\" class=\"ct-ac-content\">No. Las actividades est\u00e1n dise\u00f1adas para que cualquier persona pueda disfrutar y participar plenamente, independientemente de su experiencia musical.<\/div>\r\n            <\/div>\r\n                    <div class=\"ct-accordion-item  icon-before\">\r\n                                <div class=\"ct-ac-title \" data-target=\"#0b97a3fct_accordion-591a873\">\r\n                    <a class=\"ct-ac-title-text\">\u00bfD\u00f3nde se pueden realizar las actividades?                        <i class=\"ct-accordion-icon-plus\"><\/i>\r\n                    <\/a>\r\n                <\/div>\r\n                <div id=\"0b97a3fct_accordion-591a873\" class=\"ct-ac-content\">Pueden llevarse a cabo en las instalaciones de la empresa, en espacios externos o en formatos adaptados seg\u00fan el contexto (escolar, empresarial o institucional).<\/div>\r\n            <\/div>\r\n                    <div class=\"ct-accordion-item  icon-before\">\r\n                                <div class=\"ct-ac-title \" data-target=\"#e8b37eect_accordion-591a873\">\r\n                    <a class=\"ct-ac-title-text\">\u00bfQu\u00e9 beneficios aporta la percusi\u00f3n corporal a un equipo de trabajo?                        <i class=\"ct-accordion-icon-plus\"><\/i>\r\n                    <\/a>\r\n                <\/div>\r\n                <div id=\"e8b37eect_accordion-591a873\" class=\"ct-ac-content\">Mejora la comunicaci\u00f3n no verbal, la sincronizaci\u00f3n, la escucha activa y la confianza colectiva. Adem\u00e1s, favorece el bienestar f\u00edsico y emocional a trav\u00e9s del movimiento. <\/div>\r\n            <\/div>\r\n            <\/div>\r\n\t\t\t\t<\/div>\n\t\t\t\t<\/div>\n\t\t            <\/div>\n        <\/div>\n                <div class=\"elementor-column elementor-col-50 elementor-top-column elementor-element elementor-element-3b3eaad ct-column-none col-offset-none\" data-id=\"3b3eaad\" data-element_type=\"column\" data-e-type=\"column\" data-settings=\"{&quot;background_background&quot;:&quot;classic&quot;}\">\n        <div class=\"elementor-widget-wrap elementor-element-populated\">\n                    <div class=\"elementor-background-overlay\"><\/div>\n                    \n        \t\t<div class=\"elementor-element elementor-element-7d887a3 elementor-hidden-tablet elementor-widget elementor-widget-ct_image\" data-id=\"7d887a3\" data-element_type=\"widget\" data-e-type=\"widget\" data-widget_type=\"ct_image.default\">\n\t\t\t\t<div class=\"elementor-widget-container\">\n\t\t\t\t\t<div class=\"ct-image-single \" data-width=\"\" data-height=\"\" data-wow-delay=\"ms\">\r\n            <div class=\"ct-image-single--inner\">\r\n                            <img loading=\"lazy\" decoding=\"async\" class=\"no-lazyload img-main \" src=\"https:\/\/ignasicorella.com\/wp-content\/uploads\/2025\/07\/corella-music-experience-scaled-980x945.png\" width=\"980\" height=\"945\" alt=\"Ignasi Corella - Preguntes freq\u00fcents FAQs\" title=\"Ignasi Corella - Preguntes freq\u00fcents FAQs\" \/>                    <\/div>\r\n    <\/div>\t\t\t\t<\/div>\n\t\t\t\t<\/div>\n\t\t            <\/div>\n        <\/div>\n                    <\/div>\n        <\/section>\n        \t\t<\/div>\n\t\t","protected":false},"excerpt":{"rendered":"<p>Sobre m\u00ed &#8211; Ignasi Corella Especialista en percusi\u00f3n corporal Hola, soy Ignasi Corella, especialista en percusi\u00f3n corporal y pedagog\u00eda psicomotriz a trav\u00e9s del ritmo. Desde hace m\u00e1s de 20 a\u00f1os, ayudo a personas y equipos a conectar con el cuerpo, el ritmo y el movimiento mediante actividades inmersivas, formativas y participativas. He dedicado gran parte [&hellip;]<\/p>\n","protected":false},"author":1,"featured_media":0,"parent":0,"menu_order":0,"comment_status":"closed","ping_status":"closed","template":"","meta":{"inline_featured_image":false,"footnotes":""},"class_list":["post-8974","page","type-page","status-publish","hentry"],"yoast_head":"<!-- This site is optimized with the Yoast SEO plugin v27.3 - https:\/\/yoast.com\/product\/yoast-seo-wordpress\/ -->\n<title>Ignasi Corella | Experiencias de Ritmo y Bienestar en Barcelona<\/title>\n<meta name=\"description\" content=\"Descubre las actividades de Ignasi Corella en Barcelona y Catalu\u00f1a. Especialista en ritmo y bienestar, ofrece experiencias que transforman la calidad de vida y el trabajo en equipo.\" \/>\n<meta name=\"robots\" content=\"index, follow, max-snippet:-1, max-image-preview:large, max-video-preview:-1\" \/>\n<link rel=\"canonical\" href=\"https:\/\/ignasicorella.com\/es\/sobre-mi\/\" \/>\n<meta property=\"og:locale\" content=\"es_ES\" \/>\n<meta property=\"og:type\" content=\"article\" \/>\n<meta property=\"og:title\" content=\"Ignasi Corella | Experiencias de Ritmo y Bienestar en Barcelona\" \/>\n<meta property=\"og:description\" content=\"Descubre las actividades de Ignasi Corella en Barcelona y Catalu\u00f1a. Especialista en ritmo y bienestar, ofrece experiencias que transforman la calidad de vida y el trabajo en equipo.\" \/>\n<meta property=\"og:url\" content=\"https:\/\/ignasicorella.com\/es\/sobre-mi\/\" \/>\n<meta property=\"og:site_name\" content=\"Ignasi Corella\" \/>\n<meta property=\"article:publisher\" content=\"https:\/\/www.facebook.com\/ignasi.corella\/\" \/>\n<meta property=\"article:modified_time\" content=\"2026-02-09T12:21:01+00:00\" \/>\n<meta property=\"og:image\" content=\"https:\/\/ignasicorella.com\/wp-content\/uploads\/2025\/07\/ignasi-corella-presentacio-570x655.jpg\" \/>\n<meta name=\"twitter:card\" content=\"summary_large_image\" \/>\n<meta name=\"twitter:label1\" content=\"Tiempo de lectura\" \/>\n\t<meta name=\"twitter:data1\" content=\"4 minutos\" \/>\n<script type=\"application\/ld+json\" class=\"yoast-schema-graph\">{\"@context\":\"https:\\\/\\\/schema.org\",\"@graph\":[{\"@type\":\"WebPage\",\"@id\":\"https:\\\/\\\/ignasicorella.com\\\/es\\\/sobre-mi\\\/\",\"url\":\"https:\\\/\\\/ignasicorella.com\\\/es\\\/sobre-mi\\\/\",\"name\":\"Ignasi Corella | Experiencias de Ritmo y Bienestar en Barcelona\",\"isPartOf\":{\"@id\":\"https:\\\/\\\/ignasicorella.com\\\/es\\\/#website\"},\"primaryImageOfPage\":{\"@id\":\"https:\\\/\\\/ignasicorella.com\\\/es\\\/sobre-mi\\\/#primaryimage\"},\"image\":{\"@id\":\"https:\\\/\\\/ignasicorella.com\\\/es\\\/sobre-mi\\\/#primaryimage\"},\"thumbnailUrl\":\"https:\\\/\\\/ignasicorella.com\\\/wp-content\\\/uploads\\\/2025\\\/07\\\/ignasi-corella-presentacio-570x655.jpg\",\"datePublished\":\"2025-07-18T17:40:07+00:00\",\"dateModified\":\"2026-02-09T12:21:01+00:00\",\"description\":\"Descubre las actividades de Ignasi Corella en Barcelona y Catalu\u00f1a. Especialista en ritmo y bienestar, ofrece experiencias que transforman la calidad de vida y el trabajo en equipo.\",\"breadcrumb\":{\"@id\":\"https:\\\/\\\/ignasicorella.com\\\/es\\\/sobre-mi\\\/#breadcrumb\"},\"inLanguage\":\"es\",\"potentialAction\":[{\"@type\":\"ReadAction\",\"target\":[\"https:\\\/\\\/ignasicorella.com\\\/es\\\/sobre-mi\\\/\"]}]},{\"@type\":\"ImageObject\",\"inLanguage\":\"es\",\"@id\":\"https:\\\/\\\/ignasicorella.com\\\/es\\\/sobre-mi\\\/#primaryimage\",\"url\":\"https:\\\/\\\/ignasicorella.com\\\/wp-content\\\/uploads\\\/2025\\\/07\\\/ignasi-corella-presentacio-570x655.jpg\",\"contentUrl\":\"https:\\\/\\\/ignasicorella.com\\\/wp-content\\\/uploads\\\/2025\\\/07\\\/ignasi-corella-presentacio-570x655.jpg\"},{\"@type\":\"BreadcrumbList\",\"@id\":\"https:\\\/\\\/ignasicorella.com\\\/es\\\/sobre-mi\\\/#breadcrumb\",\"itemListElement\":[{\"@type\":\"ListItem\",\"position\":1,\"name\":\"Inici\",\"item\":\"https:\\\/\\\/ignasicorella.com\\\/es\\\/\"},{\"@type\":\"ListItem\",\"position\":2,\"name\":\"Sobre m\u00ed\"}]},{\"@type\":\"WebSite\",\"@id\":\"https:\\\/\\\/ignasicorella.com\\\/es\\\/#website\",\"url\":\"https:\\\/\\\/ignasicorella.com\\\/es\\\/\",\"name\":\"Ignasi Corella\",\"description\":\"Un m&oacute;n de ritmes\",\"publisher\":{\"@id\":\"https:\\\/\\\/ignasicorella.com\\\/es\\\/#organization\"},\"potentialAction\":[{\"@type\":\"SearchAction\",\"target\":{\"@type\":\"EntryPoint\",\"urlTemplate\":\"https:\\\/\\\/ignasicorella.com\\\/es\\\/?s={search_term_string}\"},\"query-input\":{\"@type\":\"PropertyValueSpecification\",\"valueRequired\":true,\"valueName\":\"search_term_string\"}}],\"inLanguage\":\"es\"},{\"@type\":\"Organization\",\"@id\":\"https:\\\/\\\/ignasicorella.com\\\/es\\\/#organization\",\"name\":\"Ignasi Corella\",\"url\":\"https:\\\/\\\/ignasicorella.com\\\/es\\\/\",\"logo\":{\"@type\":\"ImageObject\",\"inLanguage\":\"es\",\"@id\":\"https:\\\/\\\/ignasicorella.com\\\/es\\\/#\\\/schema\\\/logo\\\/image\\\/\",\"url\":\"https:\\\/\\\/ignasicorella.com\\\/wp-content\\\/uploads\\\/2022\\\/01\\\/logo-ignasi-corella-scaled-e1752857118657.png\",\"contentUrl\":\"https:\\\/\\\/ignasicorella.com\\\/wp-content\\\/uploads\\\/2022\\\/01\\\/logo-ignasi-corella-scaled-e1752857118657.png\",\"width\":2220,\"height\":823,\"caption\":\"Ignasi Corella\"},\"image\":{\"@id\":\"https:\\\/\\\/ignasicorella.com\\\/es\\\/#\\\/schema\\\/logo\\\/image\\\/\"},\"sameAs\":[\"https:\\\/\\\/www.facebook.com\\\/ignasi.corella\\\/\",\"https:\\\/\\\/www.instagram.com\\\/ignasi_corella\\\/\",\"https:\\\/\\\/www.linkedin.com\\\/in\\\/ignasi-corella-20932451\\\/\"]}]}<\/script>\n<!-- \/ Yoast SEO plugin. -->","yoast_head_json":{"title":"Ignasi Corella | Experiencias de Ritmo y Bienestar en Barcelona","description":"Descubre las actividades de Ignasi Corella en Barcelona y Catalu\u00f1a. Especialista en ritmo y bienestar, ofrece experiencias que transforman la calidad de vida y el trabajo en equipo.","robots":{"index":"index","follow":"follow","max-snippet":"max-snippet:-1","max-image-preview":"max-image-preview:large","max-video-preview":"max-video-preview:-1"},"canonical":"https:\/\/ignasicorella.com\/es\/sobre-mi\/","og_locale":"es_ES","og_type":"article","og_title":"Ignasi Corella | Experiencias de Ritmo y Bienestar en Barcelona","og_description":"Descubre las actividades de Ignasi Corella en Barcelona y Catalu\u00f1a. Especialista en ritmo y bienestar, ofrece experiencias que transforman la calidad de vida y el trabajo en equipo.","og_url":"https:\/\/ignasicorella.com\/es\/sobre-mi\/","og_site_name":"Ignasi Corella","article_publisher":"https:\/\/www.facebook.com\/ignasi.corella\/","article_modified_time":"2026-02-09T12:21:01+00:00","og_image":[{"url":"https:\/\/ignasicorella.com\/wp-content\/uploads\/2025\/07\/ignasi-corella-presentacio-570x655.jpg","type":"","width":"","height":""}],"twitter_card":"summary_large_image","twitter_misc":{"Tiempo de lectura":"4 minutos"},"schema":{"@context":"https:\/\/schema.org","@graph":[{"@type":"WebPage","@id":"https:\/\/ignasicorella.com\/es\/sobre-mi\/","url":"https:\/\/ignasicorella.com\/es\/sobre-mi\/","name":"Ignasi Corella | Experiencias de Ritmo y Bienestar en Barcelona","isPartOf":{"@id":"https:\/\/ignasicorella.com\/es\/#website"},"primaryImageOfPage":{"@id":"https:\/\/ignasicorella.com\/es\/sobre-mi\/#primaryimage"},"image":{"@id":"https:\/\/ignasicorella.com\/es\/sobre-mi\/#primaryimage"},"thumbnailUrl":"https:\/\/ignasicorella.com\/wp-content\/uploads\/2025\/07\/ignasi-corella-presentacio-570x655.jpg","datePublished":"2025-07-18T17:40:07+00:00","dateModified":"2026-02-09T12:21:01+00:00","description":"Descubre las actividades de Ignasi Corella en Barcelona y Catalu\u00f1a. Especialista en ritmo y bienestar, ofrece experiencias que transforman la calidad de vida y el trabajo en equipo.","breadcrumb":{"@id":"https:\/\/ignasicorella.com\/es\/sobre-mi\/#breadcrumb"},"inLanguage":"es","potentialAction":[{"@type":"ReadAction","target":["https:\/\/ignasicorella.com\/es\/sobre-mi\/"]}]},{"@type":"ImageObject","inLanguage":"es","@id":"https:\/\/ignasicorella.com\/es\/sobre-mi\/#primaryimage","url":"https:\/\/ignasicorella.com\/wp-content\/uploads\/2025\/07\/ignasi-corella-presentacio-570x655.jpg","contentUrl":"https:\/\/ignasicorella.com\/wp-content\/uploads\/2025\/07\/ignasi-corella-presentacio-570x655.jpg"},{"@type":"BreadcrumbList","@id":"https:\/\/ignasicorella.com\/es\/sobre-mi\/#breadcrumb","itemListElement":[{"@type":"ListItem","position":1,"name":"Inici","item":"https:\/\/ignasicorella.com\/es\/"},{"@type":"ListItem","position":2,"name":"Sobre m\u00ed"}]},{"@type":"WebSite","@id":"https:\/\/ignasicorella.com\/es\/#website","url":"https:\/\/ignasicorella.com\/es\/","name":"Ignasi Corella","description":"Un m&oacute;n de ritmes","publisher":{"@id":"https:\/\/ignasicorella.com\/es\/#organization"},"potentialAction":[{"@type":"SearchAction","target":{"@type":"EntryPoint","urlTemplate":"https:\/\/ignasicorella.com\/es\/?s={search_term_string}"},"query-input":{"@type":"PropertyValueSpecification","valueRequired":true,"valueName":"search_term_string"}}],"inLanguage":"es"},{"@type":"Organization","@id":"https:\/\/ignasicorella.com\/es\/#organization","name":"Ignasi Corella","url":"https:\/\/ignasicorella.com\/es\/","logo":{"@type":"ImageObject","inLanguage":"es","@id":"https:\/\/ignasicorella.com\/es\/#\/schema\/logo\/image\/","url":"https:\/\/ignasicorella.com\/wp-content\/uploads\/2022\/01\/logo-ignasi-corella-scaled-e1752857118657.png","contentUrl":"https:\/\/ignasicorella.com\/wp-content\/uploads\/2022\/01\/logo-ignasi-corella-scaled-e1752857118657.png","width":2220,"height":823,"caption":"Ignasi Corella"},"image":{"@id":"https:\/\/ignasicorella.com\/es\/#\/schema\/logo\/image\/"},"sameAs":["https:\/\/www.facebook.com\/ignasi.corella\/","https:\/\/www.instagram.com\/ignasi_corella\/","https:\/\/www.linkedin.com\/in\/ignasi-corella-20932451\/"]}]}},"_links":{"self":[{"href":"https:\/\/ignasicorella.com\/es\/wp-json\/wp\/v2\/pages\/8974","targetHints":{"allow":["GET"]}}],"collection":[{"href":"https:\/\/ignasicorella.com\/es\/wp-json\/wp\/v2\/pages"}],"about":[{"href":"https:\/\/ignasicorella.com\/es\/wp-json\/wp\/v2\/types\/page"}],"author":[{"embeddable":true,"href":"https:\/\/ignasicorella.com\/es\/wp-json\/wp\/v2\/users\/1"}],"replies":[{"embeddable":true,"href":"https:\/\/ignasicorella.com\/es\/wp-json\/wp\/v2\/comments?post=8974"}],"version-history":[{"count":24,"href":"https:\/\/ignasicorella.com\/es\/wp-json\/wp\/v2\/pages\/8974\/revisions"}],"predecessor-version":[{"id":11118,"href":"https:\/\/ignasicorella.com\/es\/wp-json\/wp\/v2\/pages\/8974\/revisions\/11118"}],"wp:attachment":[{"href":"https:\/\/ignasicorella.com\/es\/wp-json\/wp\/v2\/media?parent=8974"}],"curies":[{"name":"wp","href":"https:\/\/api.w.org\/{rel}","templated":true}]}}